{"id":51752,"date":"2025-06-02T14:06:42","date_gmt":"2025-06-02T14:06:42","guid":{"rendered":"https:\/\/actalex.be\/?post_type=property&#038;p=51752"},"modified":"2025-06-04T09:17:14","modified_gmt":"2025-06-04T09:17:14","slug":"tournai-rue-perdue-18-108-appartement-dans-une-residence-service-medicalisee-2250880","status":"publish","type":"property","link":"https:\/\/actalex.be\/nl\/bien\/tournai-rue-perdue-18-108-appartement-dans-une-residence-service-medicalisee-2250880\/","title":{"rendered":"TOURNAI, Rue Perdue, 18\/108 &#8211; APPARTEMENT DANS UNE RESIDENCE-SERVICE MEDICALISEE &#8211; 2250880"},"content":{"rendered":"<h1>\u260e\ufe0f 0474 87 09 20 (Agence s&#8217;abstenir SVP)<\/h1>\n<p>\ud83c\udfd9 A VENDRE &#8211; APPARTEMENT dans une la R\u00e9sidence-service m\u00e9dicalis\u00e9e &#8220;Le Th\u00e9\u00e2tre&#8221;, au coeur de la Ville de Tournai et de toutes commodit\u00e9s, comprenant 1 chambre, une cave privative, et de confortables espaces communs (hall d&#8217;entr\u00e9e avec accueil\/r\u00e9ception, salle de d\u00e9tente, restaurant, terrasse ensoleill\u00e9e et jardin au calme) &#8211; Date de construction 2007.<\/p>\n<p>La R\u00e9sidence &#8220;Le Th\u00e9\u00e2tre&#8221; propose un ensemble complet de services, sur mesure, pour un repos accompagn\u00e9, en toute qui\u00e9tude&#8230; \ud83d\udd14<\/p>\n<p><a href=\"https:\/\/www.residencetheatre.be\/\">https:\/\/www.residencetheatre.be\/<\/a><\/p>\n<p>\ud83d\udccdAdresse : TOURNAI, Rue Perdue, 18\/108<\/p>\n<p>\ud83d\udd39 Localisation au coeur de la Ville de Tournai<\/p>\n<p>\ud83d\udd39 Ensemble complet de services, sur mesure<\/p>\n<p>\ud83d\udd39\u00a0Espaces communs : hall d&#8217;entr\u00e9e avec accueil\/r\u00e9ception, salle de d\u00e9tente, restaurant, terrasse ensoleill\u00e9e et jardin au calme<\/p>\n<p>\ud83d\udd39 1 chambre<\/p>\n<p>\ud83d\udd39 Cave<\/p>\n<p>\ud83d\udd39 PEB B<\/p>\n<p>\ud83d\udd39\u00a0Droits d\u2019enregistrement 3% (pour un 1er achat \u2013 suivant les conditions)<\/p>\n<p>&nbsp;<\/p>\n<p><strong>Composition :<\/strong><\/p>\n<p><strong>-Sous-sol :<\/strong> cave privative<\/p>\n<p><strong>-Rez-de-chauss\u00e9e : <\/strong>Espaces communs (hall d&#8217;entr\u00e9e avec accueil\/r\u00e9ception, salle de d\u00e9tente, restaurant)<\/p>\n<p><strong>-1er \u00e9tage :<\/strong> hall commun accessible par ascenseur &#8211; appartement comprenant hall d&#8217;entr\u00e9e, salle de bain (douche, lavabo, wc), 1 chambre, living lumineux donnant sur la Rue Perdue), cuisine \u00e9quip\u00e9e ouverte.<\/p>\n<p class=\"x_MsoNormal\"><strong>-Ext\u00e9rieur : <\/strong>Espaces communs : terrasse ensoleill\u00e9e et jardin au calme<\/p>\n<p>&nbsp;<\/p>\n<p>Carrelage partout.<\/p>\n<p>Chauffage central au gaz.<\/p>\n<p>Ch\u00e2ssis PVC double-vitrage.<\/p>\n<p>Electricit\u00e9 conforme<\/p>\n<p>Superficie utile : 56 m\u00b2 \u2013 RC : 745 Euros<\/p>\n<p>&nbsp;<\/p>\n<p>Appartement id\u00e9alement situ\u00e9, proche de toutes commodit\u00e9s (axes routiers et autoroutiers, transports en commun, nombreux commerces, \u00e9coles, \u00e9glise, \u2026).<\/p>\n<p>&nbsp;<\/p>\n<p><strong>\ud83d\udd8b\u00a0R\u00e9diger une offre pour ce bien :<\/strong><\/p>\n<p><a href=\"https:\/\/actalex.be\/nl\/model-aankoopbod\/\">https:\/\/actalex.be\/modele-doffre\/<\/a><\/p>\n<h5><\/h5>\n<p>&nbsp;<\/p>\n<table width=\"100%\">\n<tbody>\n<tr>\n<td width=\"382\">Le Th\u00e9\u00e2tre S.A.<\/td>\n<td width=\"338\">Rue Perdue 18<\/p>\n<p>7500 Tournai<\/p>\n<p>+32 (0)69\/76.50.00<\/p>\n<p>virginie.delgrange@residencetheatre.be<\/td>\n<\/tr>\n<\/tbody>\n<\/table>\n<p>&nbsp;<\/p>\n<p><u>Les services comprennent\u00a0:<\/u><\/p>\n<ul>\n<li>Le lit m\u00e9dicalis\u00e9 et le matelas mis \u00e0 disposition dans les appartements<\/li>\n<li>L\u2019entretien de la literie<\/li>\n<li>Mise \u00e0 disposition d\u2019une poubelle et des sacs poubelles<\/li>\n<li>Mise \u00e0 disposition d\u2019un t\u00e9l\u00e9phone, du syst\u00e8me d\u2019appel infirmiers<\/li>\n<li>Les soins et l\u2019aide aux actes de la vie quotidienne<\/li>\n<li>L\u2019entretien des appartements des balcons, des vitres et des rideaux<\/li>\n<li>Le petit mat\u00e9riel de soins (compresses, collant, mat\u00e9riel d\u2019injection)<\/li>\n<li>L\u2019aide pour certaines d\u00e9marches administratives (prise de rendez-vous, organisation des transports\u2026)<\/li>\n<li>Les activit\u00e9s (du lundi au vendredi et un samedi sur 2)<\/li>\n<li>Acc\u00e8s \u00e0 la biblioth\u00e8que, au salon TV<\/li>\n<li>Service d\u2019approvisionnement journalier des m\u00e9dicaments ou produits pharmaceutiques<\/li>\n<li>Gestion de la m\u00e9dication par l\u2019\u00e9quipe<\/li>\n<li>Mise \u00e0 disposition de v\u00e9los d\u2019appartement<\/li>\n<\/ul>\n<p>&nbsp;<\/p>\n<p><u>Les services propos\u00e9s <\/u><\/p>\n<ul>\n<li>La restauration<\/li>\n<li>Possibilit\u00e9 de commander des repas jusqu\u2019\u00e0 la veille pour les r\u00e9sidents et leur famille<\/li>\n<li>L\u2019apr\u00e8s-midi des boissons sont propos\u00e9es aux r\u00e9sidents, famille et amis au salon (caf\u00e9, th\u00e9, softs, bi\u00e8res)<\/li>\n<\/ul>\n<p><u>\u00a0<\/u><\/p>\n<p><u>Les services propos\u00e9s avec simple refacturation\u00a0:<\/u><\/p>\n<ul>\n<li>La buanderie<\/li>\n<li>Une buanderie est \u00e0 disposition au sous-sol de la r\u00e9sidence avec machine \u00e0 laver et s\u00e8che-linge<\/li>\n<li>Repassage fait \u00e0 la demande<\/li>\n<li>Salon de coiffure<\/li>\n<li>La coiffeuse est pr\u00e9sente tous les vendredis<\/li>\n<li>Les produits d\u2019incontinence<\/li>\n<li>L\u2019\u00e9tablissement travaille avec les produits de la marque Tena et propose la distribution hebdomadaire de produits d\u2019incontinence de diff\u00e9rentes tailles et types<\/li>\n<li>Les m\u00e9dicaments<\/li>\n<li>L\u2019\u00e9tablissement travaille avec la pharmacie St Jacques, qui livre 2 fois \/ jour. Chaque mois un relev\u00e9 des produits pharmaceutiques command\u00e9s pour le r\u00e9sident est donn\u00e9 avec la facture<\/li>\n<li>Refacturation des communications t\u00e9l\u00e9phoniques<\/li>\n<li>Les soins<\/li>\n<li>Lors du passage du m\u00e9decin 2 possibilit\u00e9s\u00a0: soit le r\u00e9sident paie le m\u00e9decin directement\u00a0; soit il y a une refacturation par la r\u00e9sidence<\/li>\n<\/ul>\n<p>&nbsp;<\/p>\n<ul>\n<li>La restauration<\/li>\n<li>Les r\u00e9sidents qui g\u00e8rent leurs repas peuvent demander la livraison de pain chaque jour<\/li>\n<\/ul>\n<p>&nbsp;<\/p>\n<p><u>Les frais \u00e0 charge direct du r\u00e9sident :<\/u><\/p>\n<ul>\n<li>Les soins<\/li>\n<li>Les r\u00e9sidents payent les s\u00e9ances de kin\u00e9 directement au prestaire (choix du kin\u00e9)<\/li>\n<li>La t\u00e9l\u00e9vision<\/li>\n<li>L\u2019abonnement t\u00e9l\u00e9visuel est \u00e0 mettre au nom du r\u00e9sident<\/li>\n<li>Les compteurs<\/li>\n<li>Le compteur d\u2019eau froide est \u00e0 mettre au nom du r\u00e9sident<\/li>\n<li>Le compteur d\u2019\u00e9lectricit\u00e9 est \u00e0 mettre au nom du r\u00e9sident<\/li>\n<li>Parking<\/li>\n<li>Abonnement possible chez Q-Park<\/li>\n<\/ul>\n<p>&nbsp;<\/p>\n<p>&nbsp;<\/p>\n<p>&nbsp;<\/p>\n<p>&nbsp;<\/p>\n<p class=\"x_MsoNormal\"><b><u>Prix et renseignements communiqu\u00e9s \u00e0 titre informatif, sous r\u00e9serve de confirmation<\/u><\/b><\/p>\n","protected":false},"excerpt":{"rendered":"<p>\u260e\ufe0f 0474 87 09 20 (Agence s&#8217;abstenir SVP) \ud83c\udfd9 A VENDRE &#8211; APPARTEMENT dans une la R\u00e9sidence-service m\u00e9dicalis\u00e9e &#8220;Le Th\u00e9\u00e2tre&#8221;, au coeur de la Ville de Tournai et de toutes commodit\u00e9s, comprenant 1 chambre, une cave privative, et de confortables espaces communs (hall d&#8217;entr\u00e9e avec accueil\/r\u00e9ception, salle de d\u00e9tente, restaurant, terrasse ensoleill\u00e9e et jardin au [&hellip;]<\/p>\n","protected":false},"author":10,"featured_media":51935,"parent":0,"menu_order":0,"template":"","property_type":[165],"property_status":[142],"property_feature":[153,145],"property_label":[],"property_country":[140],"property_city":[199],"class_list":["post-51752","property","type-property","status-publish","has-post-thumbnail","hentry","property_type-appartement-nl","property_status-te-koop","property_feature-centrale-verwarming-op-gas","property_feature-uitgeruste-keuken","property_country-belgie","property_city-tournai-nl"],"property_meta":{"_icl_lang_duplicate_of":["51751"],"_thumbnail_id":["51935"],"_wpml_media_featured":["1","1","1","1","1","1","1","1","1","1","1","1","1","1","1"],"_wpml_media_duplicate":["1","1","1","1","1","1","1","1","1","1","1","1","1","1","1"],"_wpml_word_count":["{\"total\":700,\"to_translate\":{\"nl\":700}}"],"fave_property_map":["1"],"fave_property_location":["25.68654,-80.431345,15"],"houzez_geolocation_lat":["25.68654"],"houzez_geolocation_long":["-80.431345"],"fave_property_map_street_view":["hide"],"fave_featured":["1"],"fave_loggedintoview":["0"],"fave_agent_display_option":["author_info"],"fave_prop_homeslider":["no"],"fave_single_top_area":["global"],"fave_single_content_area":["global"],"houzez_manual_expire":["0"],"_houzez_expiration_date_status":["saved"],"_oembed_845bc3997ea18b882d8f72045f5b38de":["<blockquote class=\"wp-embedded-content\" data-secret=\"yrXvdyySsS\"><a href=\"https:\/\/actalex.be\/bien\/estaimpuis-boulevard-leopold-iii-34-maison-semi-mitoyenne-avec-3-chambres-jardin-parking-garage-ss-2230671\/\">Estaimpuis, Boulevard L\u00e9opold III, 34 \u2013 MAISON SEMI-MITOYENNE AVEC 3 CHAMBRES, JARDIN, PARKING, GARAGE \u2013 SS\/2230671<\/a><\/blockquote><iframe class=\"wp-embedded-content\" sandbox=\"allow-scripts\" security=\"restricted\" style=\"position: absolute; clip: rect(1px, 1px, 1px, 1px);\" title=\"\u00ab\u00a0Estaimpuis, Boulevard L\u00e9opold III, 34 \u2013 MAISON SEMI-MITOYENNE AVEC 3 CHAMBRES, JARDIN, PARKING, GARAGE \u2013 SS\/2230671\u00a0\u00bb &#8212; Actalex\" src=\"https:\/\/actalex.be\/bien\/estaimpuis-boulevard-leopold-iii-34-maison-semi-mitoyenne-avec-3-chambres-jardin-parking-garage-ss-2230671\/embed\/#?secret=WiZq6GDoC8#?secret=yrXvdyySsS\" data-secret=\"yrXvdyySsS\" width=\"600\" height=\"338\" frameborder=\"0\" marginwidth=\"0\" marginheight=\"0\" scrolling=\"no\"><\/iframe>"],"_oembed_time_845bc3997ea18b882d8f72045f5b38de":["1679947476"],"_oembed_16918d690bf1c6404b6d3e74b0906a2e":["<blockquote class=\"wp-embedded-content\" data-secret=\"sk0Ns1lBiv\"><a href=\"https:\/\/actalex.be\/bien\/estaimpuis-boulevard-leopold-iii-34-maison-semi-mitoyenne-avec-3-chambres-jardin-parking-garage-ss-2230671\/\">Estaimpuis, Boulevard L\u00e9opold III, 34 \u2013 MAISON SEMI-MITOYENNE AVEC 3 CHAMBRES, JARDIN, PARKING, GARAGE \u2013 SS\/2230671<\/a><\/blockquote><iframe class=\"wp-embedded-content\" sandbox=\"allow-scripts\" security=\"restricted\" style=\"position: absolute; clip: rect(1px, 1px, 1px, 1px);\" title=\"\u00ab\u00a0Estaimpuis, Boulevard L\u00e9opold III, 34 \u2013 MAISON SEMI-MITOYENNE AVEC 3 CHAMBRES, JARDIN, PARKING, GARAGE \u2013 SS\/2230671\u00a0\u00bb &#8212; Actalex\" src=\"https:\/\/actalex.be\/bien\/estaimpuis-boulevard-leopold-iii-34-maison-semi-mitoyenne-avec-3-chambres-jardin-parking-garage-ss-2230671\/embed\/#?secret=SQqBgfNDye#?secret=sk0Ns1lBiv\" data-secret=\"sk0Ns1lBiv\" width=\"345\" height=\"200\" frameborder=\"0\" marginwidth=\"0\" marginheight=\"0\" scrolling=\"no\"><\/iframe>"],"_oembed_time_16918d690bf1c6404b6d3e74b0906a2e":["1679947477"],"houzez_total_property_views":["493"],"houzez_views_by_date":["a:61:{s:10:\"10-11-2025\";i:1;s:10:\"10-12-2025\";i:1;s:10:\"10-18-2025\";i:1;s:10:\"10-19-2025\";i:1;s:10:\"10-20-2025\";i:1;s:10:\"10-25-2025\";i:1;s:10:\"10-31-2025\";i:1;s:10:\"11-01-2025\";i:2;s:10:\"11-05-2025\";i:2;s:10:\"11-16-2025\";i:2;s:10:\"11-17-2025\";i:1;s:10:\"11-27-2025\";i:1;s:10:\"11-28-2025\";i:1;s:10:\"11-30-2025\";i:1;s:10:\"12-05-2025\";i:2;s:10:\"12-09-2025\";i:2;s:10:\"12-10-2025\";i:2;s:10:\"12-11-2025\";i:2;s:10:\"12-14-2025\";i:1;s:10:\"12-25-2025\";i:3;s:10:\"12-29-2025\";i:2;s:10:\"01-02-2026\";i:1;s:10:\"01-05-2026\";i:1;s:10:\"01-06-2026\";i:2;s:10:\"01-09-2026\";i:1;s:10:\"01-10-2026\";i:1;s:10:\"01-11-2026\";i:1;s:10:\"01-14-2026\";i:4;s:10:\"01-18-2026\";i:1;s:10:\"01-19-2026\";i:1;s:10:\"01-23-2026\";i:1;s:10:\"01-27-2026\";i:2;s:10:\"01-28-2026\";i:2;s:10:\"01-30-2026\";i:3;s:10:\"02-02-2026\";i:1;s:10:\"02-06-2026\";i:7;s:10:\"02-08-2026\";i:1;s:10:\"02-09-2026\";i:1;s:10:\"02-16-2026\";i:2;s:10:\"02-18-2026\";i:1;s:10:\"02-28-2026\";i:1;s:10:\"03-07-2026\";i:1;s:10:\"03-11-2026\";i:1;s:10:\"03-13-2026\";i:1;s:10:\"03-24-2026\";i:1;s:10:\"03-27-2026\";i:1;s:10:\"03-29-2026\";i:1;s:10:\"03-31-2026\";i:1;s:10:\"04-02-2026\";i:1;s:10:\"04-10-2026\";i:1;s:10:\"04-13-2026\";i:1;s:10:\"04-16-2026\";i:1;s:10:\"04-17-2026\";i:1;s:10:\"04-18-2026\";i:1;s:10:\"04-20-2026\";i:2;s:10:\"04-21-2026\";i:1;s:10:\"04-22-2026\";i:1;s:10:\"04-25-2026\";i:1;s:10:\"04-26-2026\";i:1;s:10:\"04-28-2026\";i:2;s:10:\"04-29-2026\";i:1;}"],"houzez_recently_viewed":["2026-04-29 13:24:08"],"houzez_featured_listing_date":["2025-06-02 15:09:31"],"fave_payment_status":["not_paid"],"fave_property_price_postfix":["\u260e\ufe0f0474 87 09 20"],"fave_property_price":["175000"],"fave_property_price_prefix":["Faire offre \u00e0 partir de"],"fave_property_bedrooms":["1"],"fave_property_bathrooms":["1"],"fave_property_year":["2007"],"fave_property_address":["Rue Perdue, 18\/108"],"fave_property_zip":["7500"],"fave_energy_class":["B"],"fave_energy_global_index":["7596"],"fave_renewable_energy_global_index":["144"],"fave_energy_performance":["20250526025031"],"_oembed_709068d686d2f4ff1ad51765b3f63dfc":["{{unknown}}"],"_oembed_a9c9af183eb5c53ba0cf44cc67df0e7f":["<blockquote class=\"wp-embedded-content\" data-secret=\"rIm7cpMJKH\"><a href=\"https:\/\/www.residencetheatre.be\/\">Front Page<\/a><\/blockquote><iframe class=\"wp-embedded-content\" sandbox=\"allow-scripts\" security=\"restricted\" style=\"position: absolute; clip: rect(1px, 1px, 1px, 1px);\" title=\"&laquo;&nbsp;Front Page&nbsp;&raquo; &#8212; R\u00e9sidence le Th\u00e9\u00e2tre\" src=\"https:\/\/www.residencetheatre.be\/?embed=true#?secret=rIm7cpMJKH\" data-secret=\"rIm7cpMJKH\" width=\"600\" height=\"338\" frameborder=\"0\" marginwidth=\"0\" marginheight=\"0\" scrolling=\"no\"><\/iframe>"],"_oembed_time_a9c9af183eb5c53ba0cf44cc67df0e7f":["1748877182"],"fave_property_images":["51934","51855","51882","51803","51805","51801","51781","51799","51797","51791","51785","51783","51886","51888","51890","51823","51884","51775","51777","51769"],"fave_attachments":["51845","51847","51849","51851","51853"]},"yoast_head":"<!-- This site is optimized with the Yoast SEO plugin v27.4 - https:\/\/yoast.com\/product\/yoast-seo-wordpress\/ -->\n<title>TOURNAI, Rue Perdue, 18\/108 - APPARTEMENT DANS UNE RESIDENCE-SERVICE MEDICALISEE - 2250880 - Actalex<\/title>\n<meta name=\"robots\" content=\"noindex, follow\" \/>\n<meta property=\"og:locale\" content=\"nl_NL\" \/>\n<meta property=\"og:type\" content=\"article\" \/>\n<meta property=\"og:title\" content=\"TOURNAI, Rue Perdue, 18\/108 - APPARTEMENT DANS UNE RESIDENCE-SERVICE MEDICALISEE - 2250880 - Actalex\" \/>\n<meta property=\"og:description\" content=\"\u260e\ufe0f 0474 87 09 20 (Agence s&#8217;abstenir SVP) \ud83c\udfd9 A VENDRE &#8211; APPARTEMENT dans une la R\u00e9sidence-service m\u00e9dicalis\u00e9e &#8220;Le Th\u00e9\u00e2tre&#8221;, au coeur de la Ville de Tournai et de toutes commodit\u00e9s, comprenant 1 chambre, une cave privative, et de confortables espaces communs (hall d&#8217;entr\u00e9e avec accueil\/r\u00e9ception, salle de d\u00e9tente, restaurant, terrasse ensoleill\u00e9e et jardin au [&hellip;]\" \/>\n<meta property=\"og:url\" content=\"https:\/\/actalex.be\/nl\/bien\/tournai-rue-perdue-18-108-appartement-dans-une-residence-service-medicalisee-2250880\/\" \/>\n<meta property=\"og:site_name\" content=\"Actalex\" \/>\n<meta property=\"article:modified_time\" content=\"2025-06-04T09:17:14+00:00\" \/>\n<meta property=\"og:image\" content=\"https:\/\/actalex.be\/wp-content\/uploads\/2025\/06\/20250603_160657-1.jpg\" \/>\n\t<meta property=\"og:image:width\" content=\"1920\" \/>\n\t<meta property=\"og:image:height\" content=\"1440\" \/>\n\t<meta property=\"og:image:type\" content=\"image\/jpeg\" \/>\n<meta name=\"twitter:card\" content=\"summary_large_image\" \/>\n<meta name=\"twitter:label1\" content=\"Geschatte leestijd\" \/>\n\t<meta name=\"twitter:data1\" content=\"3 minuten\" \/>\n<script type=\"application\/ld+json\" class=\"yoast-schema-graph\">{\"@context\":\"https:\\\/\\\/schema.org\",\"@graph\":[{\"@type\":\"WebPage\",\"@id\":\"https:\\\/\\\/actalex.be\\\/nl\\\/bien\\\/tournai-rue-perdue-18-108-appartement-dans-une-residence-service-medicalisee-2250880\\\/\",\"url\":\"https:\\\/\\\/actalex.be\\\/nl\\\/bien\\\/tournai-rue-perdue-18-108-appartement-dans-une-residence-service-medicalisee-2250880\\\/\",\"name\":\"TOURNAI, Rue Perdue, 18\\\/108 - APPARTEMENT DANS UNE RESIDENCE-SERVICE MEDICALISEE - 2250880 - Actalex\",\"isPartOf\":{\"@id\":\"https:\\\/\\\/actalex.be\\\/nl\\\/#website\"},\"primaryImageOfPage\":{\"@id\":\"https:\\\/\\\/actalex.be\\\/nl\\\/bien\\\/tournai-rue-perdue-18-108-appartement-dans-une-residence-service-medicalisee-2250880\\\/#primaryimage\"},\"image\":{\"@id\":\"https:\\\/\\\/actalex.be\\\/nl\\\/bien\\\/tournai-rue-perdue-18-108-appartement-dans-une-residence-service-medicalisee-2250880\\\/#primaryimage\"},\"thumbnailUrl\":\"https:\\\/\\\/actalex.be\\\/wp-content\\\/uploads\\\/2025\\\/06\\\/20250603_160657-1.jpg\",\"datePublished\":\"2025-06-02T14:06:42+00:00\",\"dateModified\":\"2025-06-04T09:17:14+00:00\",\"breadcrumb\":{\"@id\":\"https:\\\/\\\/actalex.be\\\/nl\\\/bien\\\/tournai-rue-perdue-18-108-appartement-dans-une-residence-service-medicalisee-2250880\\\/#breadcrumb\"},\"inLanguage\":\"nl-NL\",\"potentialAction\":[{\"@type\":\"ReadAction\",\"target\":[\"https:\\\/\\\/actalex.be\\\/nl\\\/bien\\\/tournai-rue-perdue-18-108-appartement-dans-une-residence-service-medicalisee-2250880\\\/\"]}]},{\"@type\":\"ImageObject\",\"inLanguage\":\"nl-NL\",\"@id\":\"https:\\\/\\\/actalex.be\\\/nl\\\/bien\\\/tournai-rue-perdue-18-108-appartement-dans-une-residence-service-medicalisee-2250880\\\/#primaryimage\",\"url\":\"https:\\\/\\\/actalex.be\\\/wp-content\\\/uploads\\\/2025\\\/06\\\/20250603_160657-1.jpg\",\"contentUrl\":\"https:\\\/\\\/actalex.be\\\/wp-content\\\/uploads\\\/2025\\\/06\\\/20250603_160657-1.jpg\",\"width\":1920,\"height\":1440},{\"@type\":\"BreadcrumbList\",\"@id\":\"https:\\\/\\\/actalex.be\\\/nl\\\/bien\\\/tournai-rue-perdue-18-108-appartement-dans-une-residence-service-medicalisee-2250880\\\/#breadcrumb\",\"itemListElement\":[{\"@type\":\"ListItem\",\"position\":1,\"name\":\"Accueil\",\"item\":\"https:\\\/\\\/actalex.be\\\/nl\\\/\"},{\"@type\":\"ListItem\",\"position\":2,\"name\":\"eigenschappen\",\"item\":\"https:\\\/\\\/actalex.be\\\/nl\\\/bien\\\/\"},{\"@type\":\"ListItem\",\"position\":3,\"name\":\"TOURNAI, Rue Perdue, 18\\\/108 &#8211; APPARTEMENT DANS UNE RESIDENCE-SERVICE MEDICALISEE &#8211; 2250880\"}]},{\"@type\":\"WebSite\",\"@id\":\"https:\\\/\\\/actalex.be\\\/nl\\\/#website\",\"url\":\"https:\\\/\\\/actalex.be\\\/nl\\\/\",\"name\":\"Actalex\",\"description\":\"\",\"potentialAction\":[{\"@type\":\"SearchAction\",\"target\":{\"@type\":\"EntryPoint\",\"urlTemplate\":\"https:\\\/\\\/actalex.be\\\/nl\\\/?s={search_term_string}\"},\"query-input\":{\"@type\":\"PropertyValueSpecification\",\"valueRequired\":true,\"valueName\":\"search_term_string\"}}],\"inLanguage\":\"nl-NL\"}]}<\/script>\n<!-- \/ Yoast SEO plugin. -->","yoast_head_json":{"title":"TOURNAI, Rue Perdue, 18\/108 - APPARTEMENT DANS UNE RESIDENCE-SERVICE MEDICALISEE - 2250880 - Actalex","robots":{"index":"noindex","follow":"follow"},"og_locale":"nl_NL","og_type":"article","og_title":"TOURNAI, Rue Perdue, 18\/108 - APPARTEMENT DANS UNE RESIDENCE-SERVICE MEDICALISEE - 2250880 - Actalex","og_description":"\u260e\ufe0f 0474 87 09 20 (Agence s&#8217;abstenir SVP) \ud83c\udfd9 A VENDRE &#8211; APPARTEMENT dans une la R\u00e9sidence-service m\u00e9dicalis\u00e9e &#8220;Le Th\u00e9\u00e2tre&#8221;, au coeur de la Ville de Tournai et de toutes commodit\u00e9s, comprenant 1 chambre, une cave privative, et de confortables espaces communs (hall d&#8217;entr\u00e9e avec accueil\/r\u00e9ception, salle de d\u00e9tente, restaurant, terrasse ensoleill\u00e9e et jardin au [&hellip;]","og_url":"https:\/\/actalex.be\/nl\/bien\/tournai-rue-perdue-18-108-appartement-dans-une-residence-service-medicalisee-2250880\/","og_site_name":"Actalex","article_modified_time":"2025-06-04T09:17:14+00:00","og_image":[{"width":1920,"height":1440,"url":"https:\/\/actalex.be\/wp-content\/uploads\/2025\/06\/20250603_160657-1.jpg","type":"image\/jpeg"}],"twitter_card":"summary_large_image","twitter_misc":{"Geschatte leestijd":"3 minuten"},"schema":{"@context":"https:\/\/schema.org","@graph":[{"@type":"WebPage","@id":"https:\/\/actalex.be\/nl\/bien\/tournai-rue-perdue-18-108-appartement-dans-une-residence-service-medicalisee-2250880\/","url":"https:\/\/actalex.be\/nl\/bien\/tournai-rue-perdue-18-108-appartement-dans-une-residence-service-medicalisee-2250880\/","name":"TOURNAI, Rue Perdue, 18\/108 - APPARTEMENT DANS UNE RESIDENCE-SERVICE MEDICALISEE - 2250880 - Actalex","isPartOf":{"@id":"https:\/\/actalex.be\/nl\/#website"},"primaryImageOfPage":{"@id":"https:\/\/actalex.be\/nl\/bien\/tournai-rue-perdue-18-108-appartement-dans-une-residence-service-medicalisee-2250880\/#primaryimage"},"image":{"@id":"https:\/\/actalex.be\/nl\/bien\/tournai-rue-perdue-18-108-appartement-dans-une-residence-service-medicalisee-2250880\/#primaryimage"},"thumbnailUrl":"https:\/\/actalex.be\/wp-content\/uploads\/2025\/06\/20250603_160657-1.jpg","datePublished":"2025-06-02T14:06:42+00:00","dateModified":"2025-06-04T09:17:14+00:00","breadcrumb":{"@id":"https:\/\/actalex.be\/nl\/bien\/tournai-rue-perdue-18-108-appartement-dans-une-residence-service-medicalisee-2250880\/#breadcrumb"},"inLanguage":"nl-NL","potentialAction":[{"@type":"ReadAction","target":["https:\/\/actalex.be\/nl\/bien\/tournai-rue-perdue-18-108-appartement-dans-une-residence-service-medicalisee-2250880\/"]}]},{"@type":"ImageObject","inLanguage":"nl-NL","@id":"https:\/\/actalex.be\/nl\/bien\/tournai-rue-perdue-18-108-appartement-dans-une-residence-service-medicalisee-2250880\/#primaryimage","url":"https:\/\/actalex.be\/wp-content\/uploads\/2025\/06\/20250603_160657-1.jpg","contentUrl":"https:\/\/actalex.be\/wp-content\/uploads\/2025\/06\/20250603_160657-1.jpg","width":1920,"height":1440},{"@type":"BreadcrumbList","@id":"https:\/\/actalex.be\/nl\/bien\/tournai-rue-perdue-18-108-appartement-dans-une-residence-service-medicalisee-2250880\/#breadcrumb","itemListElement":[{"@type":"ListItem","position":1,"name":"Accueil","item":"https:\/\/actalex.be\/nl\/"},{"@type":"ListItem","position":2,"name":"eigenschappen","item":"https:\/\/actalex.be\/nl\/bien\/"},{"@type":"ListItem","position":3,"name":"TOURNAI, Rue Perdue, 18\/108 &#8211; APPARTEMENT DANS UNE RESIDENCE-SERVICE MEDICALISEE &#8211; 2250880"}]},{"@type":"WebSite","@id":"https:\/\/actalex.be\/nl\/#website","url":"https:\/\/actalex.be\/nl\/","name":"Actalex","description":"","potentialAction":[{"@type":"SearchAction","target":{"@type":"EntryPoint","urlTemplate":"https:\/\/actalex.be\/nl\/?s={search_term_string}"},"query-input":{"@type":"PropertyValueSpecification","valueRequired":true,"valueName":"search_term_string"}}],"inLanguage":"nl-NL"}]}},"_links":{"self":[{"href":"https:\/\/actalex.be\/nl\/wp-json\/wp\/v2\/properties\/51752","targetHints":{"allow":["GET"]}}],"collection":[{"href":"https:\/\/actalex.be\/nl\/wp-json\/wp\/v2\/properties"}],"about":[{"href":"https:\/\/actalex.be\/nl\/wp-json\/wp\/v2\/types\/property"}],"author":[{"embeddable":true,"href":"https:\/\/actalex.be\/nl\/wp-json\/wp\/v2\/users\/10"}],"version-history":[{"count":12,"href":"https:\/\/actalex.be\/nl\/wp-json\/wp\/v2\/properties\/51752\/revisions"}],"predecessor-version":[{"id":51951,"href":"https:\/\/actalex.be\/nl\/wp-json\/wp\/v2\/properties\/51752\/revisions\/51951"}],"wp:featuredmedia":[{"embeddable":true,"href":"https:\/\/actalex.be\/nl\/wp-json\/wp\/v2\/media\/51935"}],"wp:attachment":[{"href":"https:\/\/actalex.be\/nl\/wp-json\/wp\/v2\/media?parent=51752"}],"wp:term":[{"taxonomy":"property_type","embeddable":true,"href":"https:\/\/actalex.be\/nl\/wp-json\/wp\/v2\/property_type?post=51752"},{"taxonomy":"property_status","embeddable":true,"href":"https:\/\/actalex.be\/nl\/wp-json\/wp\/v2\/property_status?post=51752"},{"taxonomy":"property_feature","embeddable":true,"href":"https:\/\/actalex.be\/nl\/wp-json\/wp\/v2\/property_feature?post=51752"},{"taxonomy":"property_label","embeddable":true,"href":"https:\/\/actalex.be\/nl\/wp-json\/wp\/v2\/property_label?post=51752"},{"taxonomy":"property_country","embeddable":true,"href":"https:\/\/actalex.be\/nl\/wp-json\/wp\/v2\/property_country?post=51752"},{"taxonomy":"property_city","embeddable":true,"href":"https:\/\/actalex.be\/nl\/wp-json\/wp\/v2\/property_city?post=51752"}],"curies":[{"name":"wp","href":"https:\/\/api.w.org\/{rel}","templated":true}]}}